{"id":3106,"date":"2023-02-12T16:49:51","date_gmt":"2023-02-12T15:49:51","guid":{"rendered":"http:\/\/www.printempsdesfragilites.com\/?page_id=3106"},"modified":"2026-03-31T22:07:08","modified_gmt":"2026-03-31T20:07:08","slug":"plus-de-80-associations-une-energie-formidable-tout-un-collectif","status":"publish","type":"page","link":"https:\/\/www.printempsdesfragilites.com\/index.php\/plus-de-80-associations-une-energie-formidable-tout-un-collectif\/","title":{"rendered":"Plus de 110 associations, une \u00e9nergie formidable\u2026 tout un collectif !"},"content":{"rendered":"\n<div class=\"wp-block-columns is-layout-flex wp-container-core-columns-is-layout-9d6595d7 wp-block-columns-is-layout-flex\">\n<div class=\"wp-block-column is-layout-flow wp-block-column-is-layout-flow\" style=\"flex-basis:99%\">\n<p class=\"has-medium-font-size\"><strong>Lorsque des dizaines d&#8217;associations humanistes intervenant aupr\u00e8s des plus d\u00e9munis et des plus fragiles d&#8217;entre nous, se regroupent et cr\u00e9ent, ensemble, le &#8220;Collectif Fragilit\u00e9s en Partage&#8221;.<\/strong>&nbsp;Elles vous donnent rendez-vous pour les retrouver les 24 et 25 mai 2025 au Village des Fragilit\u00e9s. D\u00e9couverte des associations.<\/p>\n\n\n\n<br>\n\n\n\n<div class=\"wp-block-columns is-layout-flex wp-container-core-columns-is-layout-9d6595d7 wp-block-columns-is-layout-flex\">\n<div class=\"wp-block-column is-layout-flow wp-block-column-is-layout-flow\" style=\"flex-basis:25%\">\n<div class=\"wp-block-group is-vertical is-layout-flex wp-container-core-group-is-layout-8cf370e7 wp-block-group-is-layout-flex\">\n<figure class=\"wp-block-image\"><a href=\"http:\/\/www.printempsdesfragilites.com\/index.php\/category\/association\/\" target=\"_blank\" rel=\"noopener\"><img decoding=\"async\" src=\"http:\/\/www.printempsdesfragilites.com\/wp-content\/uploads\/2023\/02\/FRISE-PHOTO-placement.png\" alt=\"\" title=\"Annuaire des associations\"><\/a><\/figure>\n<\/div>\n\n\n\n<h3 class=\"wp-block-heading\"><a rel=\"noreferrer noopener\" href=\"http:\/\/www.printempsdesfragilites.com\/index.php\/category\/association\/\" target=\"_blank\"><mark style=\"background-color:rgba(0, 0, 0, 0);color:#2c2e35\" class=\"has-inline-color\">Annuaire des associations<\/mark><\/a><\/h3>\n<\/div>\n\n\n\n<div class=\"wp-block-column is-layout-flow wp-block-column-is-layout-flow\" style=\"flex-basis:25%\">\n<div class=\"wp-block-group is-vertical is-layout-flex wp-container-core-group-is-layout-8cf370e7 wp-block-group-is-layout-flex\">\n<figure class=\"wp-block-image\"><a href=\"http:\/\/www.printempsdesfragilites.com\/index.php\/category\/association\/ecoute-et-partage\/\" target=\"_blank\" rel=\"noopener\"><img decoding=\"async\" src=\"http:\/\/www.printempsdesfragilites.com\/wp-content\/uploads\/2023\/02\/FRISE-PHOTO-placement2.png\" alt=\"\" title=\"\u00c9coute et partage\"><\/a><\/figure>\n<\/div>\n\n\n\n<h3 class=\"wp-block-heading\"><a rel=\"noreferrer noopener\" href=\"http:\/\/www.printempsdesfragilites.com\/index.php\/category\/association\/ecoute-et-partage\/\" target=\"_blank\"><mark style=\"background-color:rgba(0, 0, 0, 0);color:#f8ca02\" class=\"has-inline-color\">\u00c9coute et partage<\/mark><\/a><\/h3>\n<\/div>\n\n\n\n<div class=\"wp-block-column is-layout-flow wp-block-column-is-layout-flow\" style=\"flex-basis:25%\">\n<div class=\"wp-block-group is-vertical is-layout-flex wp-container-core-group-is-layout-8cf370e7 wp-block-group-is-layout-flex\">\n<figure class=\"wp-block-image\"><a href=\"http:\/\/www.printempsdesfragilites.com\/index.php\/category\/association\/sourire\/\" target=\"_blank\" rel=\"noopener\"><img decoding=\"async\" src=\"http:\/\/www.printempsdesfragilites.com\/wp-content\/uploads\/2023\/02\/FRISE-PHOTO-placement3.png\" alt=\"\" title=\"Sourire\/joie, go\u00fbt de la vie, confiance\"><\/a><\/figure>\n<\/div>\n\n\n\n<h3 class=\"wp-block-heading\"><a rel=\"noreferrer noopener\" href=\"http:\/\/www.printempsdesfragilites.com\/index.php\/category\/association\/sourire\/\" target=\"_blank\"><mark style=\"background-color:rgba(0, 0, 0, 0);color:#cc3232\" class=\"has-inline-color\">Sourire \/ joie, go\u00fbt de la vie, confiance<\/mark><\/a><\/h3>\n<\/div>\n\n\n\n<div class=\"wp-block-column is-layout-flow wp-block-column-is-layout-flow\" style=\"flex-basis:25%\">\n<div class=\"wp-block-group is-vertical is-layout-flex wp-container-core-group-is-layout-8cf370e7 wp-block-group-is-layout-flex\">\n<figure class=\"wp-block-image\"><a href=\"http:\/\/www.printempsdesfragilites.com\/index.php\/category\/association\/developpement-de-la-personne\/\" target=\"_blank\" rel=\"noopener\"><img decoding=\"async\" src=\"http:\/\/www.printempsdesfragilites.com\/wp-content\/uploads\/2023\/02\/FRISE-PHOTO-placement4.png\" alt=\"\" title=\"D\u00e9veloppement de la personne\"><\/a><\/figure>\n<\/div>\n\n\n\n<h3 class=\"wp-block-heading\"><a rel=\"noreferrer noopener\" href=\"http:\/\/www.printempsdesfragilites.com\/index.php\/category\/association\/developpement-de-la-personne\/\" target=\"_blank\"><mark style=\"background-color:rgba(0, 0, 0, 0);color:#e54e85\" class=\"has-inline-color\">D\u00e9veloppement de la personne<\/mark><\/a><\/h3>\n<\/div>\n<\/div>\n\n\n\n<div class=\"wp-block-columns is-layout-flex wp-container-core-columns-is-layout-9d6595d7 wp-block-columns-is-layout-flex\">\n<div class=\"wp-block-column is-layout-flow wp-block-column-is-layout-flow\" style=\"flex-basis:25%\">\n<div class=\"wp-block-group is-vertical is-layout-flex wp-container-core-group-is-layout-8cf370e7 wp-block-group-is-layout-flex\">\n<figure class=\"wp-block-image\"><a href=\"http:\/\/www.printempsdesfragilites.com\/index.php\/category\/association\/inclusion\/\" target=\"_blank\" rel=\"noopener\"><img decoding=\"async\" src=\"http:\/\/www.printempsdesfragilites.com\/wp-content\/uploads\/2023\/02\/FRISE-PHOTO-placement5.png\" alt=\"\" title=\"Inclusion\/Insertion, retrouver la fiert\u00e9\"><\/a><\/figure>\n<\/div>\n\n\n\n<h3 class=\"wp-block-heading\"><a rel=\"noreferrer noopener\" href=\"http:\/\/www.printempsdesfragilites.com\/index.php\/category\/association\/ecoute-et-partage\/\" target=\"_blank\"><mark style=\"background-color:rgba(0, 0, 0, 0);color:#184d44\" class=\"has-inline-color\">I<\/mark><\/a><a rel=\"noreferrer noopener\" href=\"http:\/\/www.printempsdesfragilites.com\/index.php\/category\/association\/inclusion\/\" target=\"_blank\"><mark style=\"background-color:rgba(0, 0, 0, 0);color:#184d44\" class=\"has-inline-color\">nclusion<\/mark> <\/a><a rel=\"noreferrer noopener\" href=\"http:\/\/www.printempsdesfragilites.com\/index.php\/category\/association\/inclusion\/\" target=\"_blank\"><mark style=\"background-color:rgba(0, 0, 0, 0);color:#184d44\" class=\"has-inline-color\">\/ Insertion, retrouver la fiert\u00e9<\/mark><\/a><\/h3>\n<\/div>\n\n\n\n<div class=\"wp-block-column is-layout-flow wp-block-column-is-layout-flow\" style=\"flex-basis:25%\">\n<div class=\"wp-block-group is-vertical is-layout-flex wp-container-core-group-is-layout-8cf370e7 wp-block-group-is-layout-flex\">\n<figure class=\"wp-block-image\"><a href=\"http:\/\/www.printempsdesfragilites.com\/index.php\/category\/association\/partage-et-convivialite\/\" target=\"_blank\" rel=\"noopener\"><img decoding=\"async\" src=\"http:\/\/www.printempsdesfragilites.com\/wp-content\/uploads\/2023\/02\/FRISE-PHOTO-placement6.png\" alt=\"\" title=\"Partage et convivialit\u00e9\"><\/a><\/figure>\n<\/div>\n\n\n\n<h3 class=\"wp-block-heading\"><a href=\"http:\/\/www.printempsdesfragilites.com\/index.php\/category\/association\/partage-et-convivialite\/\" target=\"_blank\" rel=\"noreferrer noopener\"><mark style=\"background-color:rgba(0, 0, 0, 0);color:#ff5d35\" class=\"has-inline-color\">Partage et convivialit\u00e9<\/mark><\/a><\/h3>\n<\/div>\n\n\n\n<div class=\"wp-block-column is-layout-flow wp-block-column-is-layout-flow\" style=\"flex-basis:25%\">\n<div class=\"wp-block-group is-vertical is-layout-flex wp-container-core-group-is-layout-8cf370e7 wp-block-group-is-layout-flex\">\n<figure class=\"wp-block-image\"><a href=\"http:\/\/www.printempsdesfragilites.com\/index.php\/category\/association\/vivre-ensemble\/\" target=\"_blank\" rel=\"noopener\"><img decoding=\"async\" src=\"http:\/\/www.printempsdesfragilites.com\/wp-content\/uploads\/2023\/02\/FRISE-PHOTO-placement7.png\" alt=\"\" title=\"Vivre ensemble\"><\/a><\/figure>\n<\/div>\n\n\n\n<h3 class=\"wp-block-heading\"><a href=\"http:\/\/www.printempsdesfragilites.com\/index.php\/category\/association\/vivre-ensemble\/\" target=\"_blank\" rel=\"noreferrer noopener\"><mark style=\"background-color:rgba(0, 0, 0, 0);color:#5f3b9f\" class=\"has-inline-color\">Vivre ensemble<\/mark><\/a><\/h3>\n<\/div>\n\n\n\n<div class=\"wp-block-column is-layout-flow wp-block-column-is-layout-flow\" style=\"flex-basis:25%\">\n<div class=\"wp-block-group is-vertical is-layout-flex wp-container-core-group-is-layout-8cf370e7 wp-block-group-is-layout-flex\">\n<figure class=\"wp-block-image\"><a href=\"http:\/\/www.printempsdesfragilites.com\/index.php\/category\/association\/fraternite-dans-la-societe-solidarite\/\" target=\"_blank\" rel=\"noopener\"><img decoding=\"async\" src=\"http:\/\/www.printempsdesfragilites.com\/wp-content\/uploads\/2023\/02\/FRISE-PHOTO-placement8.png\" alt=\"\" title=\"Fraternit\u00e9 dans la soci\u00e9t\u00e9, solidarit\u00e9\"><\/a><\/figure>\n<\/div>\n\n\n\n<h3 class=\"wp-block-heading\"><a rel=\"noreferrer noopener\" href=\"http:\/\/www.printempsdesfragilites.com\/index.php\/category\/association\/fraternite-dans-la-societe-solidarite\/\" data-type=\"category\" data-id=\"44\" target=\"_blank\"><mark style=\"background-color:rgba(0, 0, 0, 0);color:#33ad86\" class=\"has-inline-color\">Fraternit\u00e9 dans la soci\u00e9t\u00e9, solidarit\u00e9<\/mark><\/a><\/h3>\n<\/div>\n<\/div>\n\n\n<div class=\"wp-block-image\">\n<figure class=\"aligncenter size-full is-resized\"><img loading=\"lazy\" decoding=\"async\" width=\"720\" height=\"720\" src=\"http:\/\/www.printempsdesfragilites.com\/wp-content\/uploads\/2025\/03\/logo_collectif_fragilites_en_partage_v3_720-1.png\" alt=\"\" class=\"wp-image-4836\" style=\"width:369px;height:auto\" srcset=\"https:\/\/www.printempsdesfragilites.com\/wp-content\/uploads\/2025\/03\/logo_collectif_fragilites_en_partage_v3_720-1.png 720w, https:\/\/www.printempsdesfragilites.com\/wp-content\/uploads\/2025\/03\/logo_collectif_fragilites_en_partage_v3_720-1-300x300.png 300w, https:\/\/www.printempsdesfragilites.com\/wp-content\/uploads\/2025\/03\/logo_collectif_fragilites_en_partage_v3_720-1-150x150.png 150w, https:\/\/www.printempsdesfragilites.com\/wp-content\/uploads\/2025\/03\/logo_collectif_fragilites_en_partage_v3_720-1-200x200.png 200w\" sizes=\"auto, (max-width: 720px) 100vw, 720px\" \/><figcaption class=\"wp-element-caption\"><sub><em>Le collectif tient ici \u00e0 remercier les \u00e9tudiants et le staff de l&#8217;\u00e9cole <a href=\"https:\/\/www.iseg.fr\/\" target=\"_blank\" rel=\"noreferrer noopener\">ISEG de Nantes<\/a> (Groupe IONIS) pour sa participation en vue de la cr\u00e9ation de l&#8217;univers de communication du festival &#8220;Printemps des Fragilit\u00e9s&#8221; et de l&#8217;identit\u00e9 du &#8220;Collectif Fragilit\u00e9s en Partage&#8221;. <\/em> <br><em>Direction de cr\u00e9ation, sign\u00e9e Altran<\/em> part of Capgemini<\/sub><\/figcaption><\/figure>\n<\/div><\/div>\n\n\n\n<div class=\"wp-block-column is-vertically-aligned-top is-layout-flow wp-block-column-is-layout-flow\" style=\"flex-basis:1%\"><\/div>\n<\/div>\n\n\n\n<div style=\"height:80px\" aria-hidden=\"true\" class=\"wp-block-spacer\"><\/div>\n\n\n\n<figure class=\"wp-block-image size-full\"><img loading=\"lazy\" decoding=\"async\" width=\"945\" height=\"1227\" src=\"http:\/\/www.printempsdesfragilites.com\/wp-content\/uploads\/2025\/03\/logos-la-totale4.png\" alt=\"\" class=\"wp-image-4843\" srcset=\"https:\/\/www.printempsdesfragilites.com\/wp-content\/uploads\/2025\/03\/logos-la-totale4.png 945w, https:\/\/www.printempsdesfragilites.com\/wp-content\/uploads\/2025\/03\/logos-la-totale4-231x300.png 231w, https:\/\/www.printempsdesfragilites.com\/wp-content\/uploads\/2025\/03\/logos-la-totale4-789x1024.png 789w, https:\/\/www.printempsdesfragilites.com\/wp-content\/uploads\/2025\/03\/logos-la-totale4-768x997.png 768w\" sizes=\"auto, (max-width: 945px) 100vw, 945px\" \/><figcaption class=\"wp-element-caption\"><em><sub>Le collectif tient ici \u00e0 remercier les \u00e9tudiants et le staff du Lyc\u00e9e St F\u00e9lix La Salle de Nantes&nbsp; pour sa participation en vue de la cr\u00e9ation des \u00e9l\u00e9ments de communication du festival \u201cPrintemps des Fragilit\u00e9s\u201d 2023, et en particulier cette carte des logos.<\/sub><\/em><\/figcaption><\/figure>\n","protected":false},"excerpt":{"rendered":"<p>Lorsque des dizaines d&#8217;associations humanistes intervenant aupr\u00e8s des plus d\u00e9munis et des plus fragiles d&#8217;entre nous, se regroupent et cr\u00e9ent, ensemble, le &#8220;Collectif Fragilit\u00e9s en Partage&#8221;.&nbsp;Elles vous donnent rendez-vous pour les retrouver les 24 et 25 mai 2025 au Village des Fragilit\u00e9s. D\u00e9couverte des associations. Annuaire des associations \u00c9coute et partage Sourire \/ joie, go\u00fbt [&hellip;]<\/p>\n","protected":false},"author":4,"featured_media":5181,"parent":0,"menu_order":0,"comment_status":"closed","ping_status":"closed","template":"","meta":{"footnotes":""},"class_list":["post-3106","page","type-page","status-publish","has-post-thumbnail","hentry"],"_links":{"self":[{"href":"https:\/\/www.printempsdesfragilites.com\/index.php\/wp-json\/wp\/v2\/pages\/3106","targetHints":{"allow":["GET"]}}],"collection":[{"href":"https:\/\/www.printempsdesfragilites.com\/index.php\/wp-json\/wp\/v2\/pages"}],"about":[{"href":"https:\/\/www.printempsdesfragilites.com\/index.php\/wp-json\/wp\/v2\/types\/page"}],"author":[{"embeddable":true,"href":"https:\/\/www.printempsdesfragilites.com\/index.php\/wp-json\/wp\/v2\/users\/4"}],"replies":[{"embeddable":true,"href":"https:\/\/www.printempsdesfragilites.com\/index.php\/wp-json\/wp\/v2\/comments?post=3106"}],"version-history":[{"count":36,"href":"https:\/\/www.printempsdesfragilites.com\/index.php\/wp-json\/wp\/v2\/pages\/3106\/revisions"}],"predecessor-version":[{"id":4844,"href":"https:\/\/www.printempsdesfragilites.com\/index.php\/wp-json\/wp\/v2\/pages\/3106\/revisions\/4844"}],"wp:featuredmedia":[{"embeddable":true,"href":"https:\/\/www.printempsdesfragilites.com\/index.php\/wp-json\/wp\/v2\/media\/5181"}],"wp:attachment":[{"href":"https:\/\/www.printempsdesfragilites.com\/index.php\/wp-json\/wp\/v2\/media?parent=3106"}],"curies":[{"name":"wp","href":"https:\/\/api.w.org\/{rel}","templated":true}]}}